{"version":"1.0","provider_name":"Expresso Metropolitano","provider_url":"https:\/\/expressometro.mx","author_name":"Cecilia Vega","author_url":"https:\/\/expressometro.mx\/index.php\/author\/cecilia-vega\/","title":"Transportistas har\u00e1n megamarcha en CDMX y EDOMEX - Expresso Metropolitano","type":"rich","width":600,"height":338,"html":"<blockquote class=\"wp-embedded-content\" data-secret=\"JFjrc9WpXN\"><a href=\"https:\/\/expressometro.mx\/index.php\/2025\/02\/17\/transportistas-haran-megamarcha-en-cdmx-y-edomex\/\">Transportistas har\u00e1n megamarcha en CDMX y EDOMEX<\/a><\/blockquote><iframe sandbox=\"allow-scripts\" security=\"restricted\" src=\"https:\/\/expressometro.mx\/index.php\/2025\/02\/17\/transportistas-haran-megamarcha-en-cdmx-y-edomex\/embed\/#?secret=JFjrc9WpXN\" width=\"600\" height=\"338\" title=\"&#8220;Transportistas har\u00e1n megamarcha en CDMX y EDOMEX&#8221; &#8212; Expresso Metropolitano\" data-secret=\"JFjrc9WpXN\" frameborder=\"0\" marginwidth=\"0\" marginheight=\"0\" scrolling=\"no\" class=\"wp-embedded-content\"><\/iframe><script type=\"text\/javascript\">\n\/* <![CDATA[ *\/\n\/*! This file is auto-generated *\/\n!function(d,l){\"use strict\";l.querySelector&&d.addEventListener&&\"undefined\"!=typeof URL&&(d.wp=d.wp||{},d.wp.receiveEmbedMessage||(d.wp.receiveEmbedMessage=function(e){var t=e.data;if((t||t.secret||t.message||t.value)&&!\/[^a-zA-Z0-9]\/.test(t.secret)){for(var s,r,n,a=l.querySelectorAll('iframe[data-secret=\"'+t.secret+'\"]'),o=l.querySelectorAll('blockquote[data-secret=\"'+t.secret+'\"]'),c=new RegExp(\"^https?:$\",\"i\"),i=0;i<o.length;i++)o[i].style.display=\"none\";for(i=0;i<a.length;i++)s=a[i],e.source===s.contentWindow&&(s.removeAttribute(\"style\"),\"height\"===t.message?(1e3<(r=parseInt(t.value,10))?r=1e3:~~r<200&&(r=200),s.height=r):\"link\"===t.message&&(r=new URL(s.getAttribute(\"src\")),n=new URL(t.value),c.test(n.protocol))&&n.host===r.host&&l.activeElement===s&&(d.top.location.href=t.value))}},d.addEventListener(\"message\",d.wp.receiveEmbedMessage,!1),l.addEventListener(\"DOMContentLoaded\",function(){for(var e,t,s=l.querySelectorAll(\"iframe.wp-embedded-content\"),r=0;r<s.length;r++)(t=(e=s[r]).getAttribute(\"data-secret\"))||(t=Math.random().toString(36).substring(2,12),e.src+=\"#?secret=\"+t,e.setAttribute(\"data-secret\",t)),e.contentWindow.postMessage({message:\"ready\",secret:t},\"*\")},!1)))}(window,document);\n\/\/# sourceURL=https:\/\/expressometro.mx\/wp-includes\/js\/wp-embed.min.js\n\/* ]]> *\/\n<\/script>\n","description":"En la CDMX y el Estado de M\u00e9xico se prepara una mega marcha pac\u00edfica para el pr\u00f3ximo lunes 17 de febrero, en protesta a actos de extorsi\u00f3n. La marcha es organizada por la Uni\u00f3n de Transportistas, Comerciantes y Empresarios de la Rep\u00fablica Mexicana y estar\u00e1n protestando en contra de los delitos y extorsiones fabricados por las autoridades. Esta manifestaci\u00f3n partir\u00e1 desde distintos puntos del Edomex con rumbo al Z\u00f3calo de la CDMX, por lo que durante el d\u00eda se podr\u00e1 registrar tr\u00e1fico. De acuerdo con un comunicado, el grupo denunci\u00f3&hellip;"}