{"version":"1.0","provider_name":"Expresso Metropolitano","provider_url":"https:\/\/expressometro.mx","author_name":"Expresso Metropolitano","author_url":"https:\/\/expressometro.mx\/index.php\/author\/diego\/","title":"VA ALFREDO BARANDA POR UNA REVOLUCI\u00d3N LEGISLATIVA - Expresso Metropolitano","type":"rich","width":600,"height":338,"html":"<blockquote class=\"wp-embedded-content\" data-secret=\"gz9qTAclrO\"><a href=\"https:\/\/expressometro.mx\/index.php\/2024\/05\/20\/va-alfredo-baranda-por-una-revolucion-legislativa\/\">VA ALFREDO BARANDA POR UNA REVOLUCI\u00d3N LEGISLATIVA<\/a><\/blockquote><iframe sandbox=\"allow-scripts\" security=\"restricted\" src=\"https:\/\/expressometro.mx\/index.php\/2024\/05\/20\/va-alfredo-baranda-por-una-revolucion-legislativa\/embed\/#?secret=gz9qTAclrO\" width=\"600\" height=\"338\" title=\"&#8220;VA ALFREDO BARANDA POR UNA REVOLUCI\u00d3N LEGISLATIVA&#8221; &#8212; Expresso Metropolitano\" data-secret=\"gz9qTAclrO\" frameborder=\"0\" marginwidth=\"0\" marginheight=\"0\" scrolling=\"no\" class=\"wp-embedded-content\"><\/iframe><script type=\"text\/javascript\">\n\/* <![CDATA[ *\/\n\/*! This file is auto-generated *\/\n!function(d,l){\"use strict\";l.querySelector&&d.addEventListener&&\"undefined\"!=typeof URL&&(d.wp=d.wp||{},d.wp.receiveEmbedMessage||(d.wp.receiveEmbedMessage=function(e){var t=e.data;if((t||t.secret||t.message||t.value)&&!\/[^a-zA-Z0-9]\/.test(t.secret)){for(var s,r,n,a=l.querySelectorAll('iframe[data-secret=\"'+t.secret+'\"]'),o=l.querySelectorAll('blockquote[data-secret=\"'+t.secret+'\"]'),c=new RegExp(\"^https?:$\",\"i\"),i=0;i<o.length;i++)o[i].style.display=\"none\";for(i=0;i<a.length;i++)s=a[i],e.source===s.contentWindow&&(s.removeAttribute(\"style\"),\"height\"===t.message?(1e3<(r=parseInt(t.value,10))?r=1e3:~~r<200&&(r=200),s.height=r):\"link\"===t.message&&(r=new URL(s.getAttribute(\"src\")),n=new URL(t.value),c.test(n.protocol))&&n.host===r.host&&l.activeElement===s&&(d.top.location.href=t.value))}},d.addEventListener(\"message\",d.wp.receiveEmbedMessage,!1),l.addEventListener(\"DOMContentLoaded\",function(){for(var e,t,s=l.querySelectorAll(\"iframe.wp-embedded-content\"),r=0;r<s.length;r++)(t=(e=s[r]).getAttribute(\"data-secret\"))||(t=Math.random().toString(36).substring(2,12),e.src+=\"#?secret=\"+t,e.setAttribute(\"data-secret\",t)),e.contentWindow.postMessage({message:\"ready\",secret:t},\"*\")},!1)))}(window,document);\n\/\/# sourceURL=https:\/\/expressometro.mx\/wp-includes\/js\/wp-embed.min.js\n\/* ]]> *\/\n<\/script>\n","thumbnail_url":"http:\/\/expressometro.mx\/wp-content\/uploads\/2024\/05\/WhatsApp-Image-2024-05-20-at-8.42.01-PM.jpeg","thumbnail_width":719,"thumbnail_height":719,"description":"Alfredo Baranda S\u00e1enz es lo nuevo de la pol\u00edtica y tiene muy claro lo que debe cambiar en la C\u00e1mara de Diputados del Estado de M\u00e9xico. No es posible que el Poder Legislativo se mueva lentamente para beneficio de los mexiquenses, las iniciativas de ley no pueden dormir el sue\u00f1o de los justos ante una sociedad que demanda mejor calidad de vida."}