{"version":"1.0","provider_name":"Expresso Metropolitano","provider_url":"https:\/\/expressometro.mx","author_name":"Expresso Metropolitano","author_url":"https:\/\/expressometro.mx\/index.php\/author\/diego\/","title":"PRIMER FORO LECHERO DEL ESTADO DE M\u00c9XICO: ACULCO - Expresso Metropolitano","type":"rich","width":600,"height":338,"html":"<blockquote class=\"wp-embedded-content\" data-secret=\"qzmPk99lyo\"><a href=\"https:\/\/expressometro.mx\/index.php\/2023\/11\/30\/primer-foro-lechero-del-estado-de-mexico-aculco\/\">PRIMER FORO LECHERO DEL ESTADO DE M\u00c9XICO: ACULCO<\/a><\/blockquote><iframe sandbox=\"allow-scripts\" security=\"restricted\" src=\"https:\/\/expressometro.mx\/index.php\/2023\/11\/30\/primer-foro-lechero-del-estado-de-mexico-aculco\/embed\/#?secret=qzmPk99lyo\" width=\"600\" height=\"338\" title=\"&#8220;PRIMER FORO LECHERO DEL ESTADO DE M\u00c9XICO: ACULCO&#8221; &#8212; Expresso Metropolitano\" data-secret=\"qzmPk99lyo\" frameborder=\"0\" marginwidth=\"0\" marginheight=\"0\" scrolling=\"no\" class=\"wp-embedded-content\"><\/iframe><script type=\"text\/javascript\">\n\/* <![CDATA[ *\/\n\/*! This file is auto-generated *\/\n!function(d,l){\"use strict\";l.querySelector&&d.addEventListener&&\"undefined\"!=typeof URL&&(d.wp=d.wp||{},d.wp.receiveEmbedMessage||(d.wp.receiveEmbedMessage=function(e){var t=e.data;if((t||t.secret||t.message||t.value)&&!\/[^a-zA-Z0-9]\/.test(t.secret)){for(var s,r,n,a=l.querySelectorAll('iframe[data-secret=\"'+t.secret+'\"]'),o=l.querySelectorAll('blockquote[data-secret=\"'+t.secret+'\"]'),c=new RegExp(\"^https?:$\",\"i\"),i=0;i<o.length;i++)o[i].style.display=\"none\";for(i=0;i<a.length;i++)s=a[i],e.source===s.contentWindow&&(s.removeAttribute(\"style\"),\"height\"===t.message?(1e3<(r=parseInt(t.value,10))?r=1e3:~~r<200&&(r=200),s.height=r):\"link\"===t.message&&(r=new URL(s.getAttribute(\"src\")),n=new URL(t.value),c.test(n.protocol))&&n.host===r.host&&l.activeElement===s&&(d.top.location.href=t.value))}},d.addEventListener(\"message\",d.wp.receiveEmbedMessage,!1),l.addEventListener(\"DOMContentLoaded\",function(){for(var e,t,s=l.querySelectorAll(\"iframe.wp-embedded-content\"),r=0;r<s.length;r++)(t=(e=s[r]).getAttribute(\"data-secret\"))||(t=Math.random().toString(36).substring(2,12),e.src+=\"#?secret=\"+t,e.setAttribute(\"data-secret\",t)),e.contentWindow.postMessage({message:\"ready\",secret:t},\"*\")},!1)))}(window,document);\n\/\/# sourceURL=https:\/\/expressometro.mx\/wp-includes\/js\/wp-embed.min.js\n\/* ]]> *\/\n<\/script>\n","thumbnail_url":"http:\/\/expressometro.mx\/wp-content\/uploads\/2023\/12\/WhatsApp-Image-2023-12-12-at-6.51.07-AM.jpeg","thumbnail_width":646,"thumbnail_height":448,"description":"En coordinaci\u00f3n con la Secretar\u00eda de Agricultura se realiz\u00f3 el primer foro lechero del Estado de M\u00e9xico, contando con la presencia de m\u00e1s de 250 personas. La inauguraci\u00f3n fue llevada a cabo por el Presidente Municipal, Jorge Alfredo Osornio Victoria, en compa\u00f1\u00eda del Ing. J. Guadalupe P\u00e9rez Elizalde, Titular de la oficina de Representaci\u00f3n de Agricultura, Estado de M\u00e9xico, quien instaur\u00f3 el Consejo Municipal de Desarrollo Rural Sustentable de Aculco."}