{"version":"1.0","provider_name":"Expresso Metropolitano","provider_url":"https:\/\/expressometro.mx","author_name":"Cecilia Vega","author_url":"https:\/\/expressometro.mx\/index.php\/author\/cecilia-vega\/","title":"CARLOS SALINAS YA ES ESPA\u00d1OL - Expresso Metropolitano","type":"rich","width":600,"height":338,"html":"<blockquote class=\"wp-embedded-content\" data-secret=\"TnNMqs8oys\"><a href=\"https:\/\/expressometro.mx\/index.php\/2022\/10\/31\/carlos-salinas-ya-es-espanol\/\">CARLOS SALINAS YA ES ESPA\u00d1OL<\/a><\/blockquote><iframe sandbox=\"allow-scripts\" security=\"restricted\" src=\"https:\/\/expressometro.mx\/index.php\/2022\/10\/31\/carlos-salinas-ya-es-espanol\/embed\/#?secret=TnNMqs8oys\" width=\"600\" height=\"338\" title=\"&#8220;CARLOS SALINAS YA ES ESPA\u00d1OL&#8221; &#8212; Expresso Metropolitano\" data-secret=\"TnNMqs8oys\" frameborder=\"0\" marginwidth=\"0\" marginheight=\"0\" scrolling=\"no\" class=\"wp-embedded-content\"><\/iframe><script type=\"text\/javascript\">\n\/* <![CDATA[ *\/\n\/*! This file is auto-generated *\/\n!function(d,l){\"use strict\";l.querySelector&&d.addEventListener&&\"undefined\"!=typeof URL&&(d.wp=d.wp||{},d.wp.receiveEmbedMessage||(d.wp.receiveEmbedMessage=function(e){var t=e.data;if((t||t.secret||t.message||t.value)&&!\/[^a-zA-Z0-9]\/.test(t.secret)){for(var s,r,n,a=l.querySelectorAll('iframe[data-secret=\"'+t.secret+'\"]'),o=l.querySelectorAll('blockquote[data-secret=\"'+t.secret+'\"]'),c=new RegExp(\"^https?:$\",\"i\"),i=0;i<o.length;i++)o[i].style.display=\"none\";for(i=0;i<a.length;i++)s=a[i],e.source===s.contentWindow&&(s.removeAttribute(\"style\"),\"height\"===t.message?(1e3<(r=parseInt(t.value,10))?r=1e3:~~r<200&&(r=200),s.height=r):\"link\"===t.message&&(r=new URL(s.getAttribute(\"src\")),n=new URL(t.value),c.test(n.protocol))&&n.host===r.host&&l.activeElement===s&&(d.top.location.href=t.value))}},d.addEventListener(\"message\",d.wp.receiveEmbedMessage,!1),l.addEventListener(\"DOMContentLoaded\",function(){for(var e,t,s=l.querySelectorAll(\"iframe.wp-embedded-content\"),r=0;r<s.length;r++)(t=(e=s[r]).getAttribute(\"data-secret\"))||(t=Math.random().toString(36).substring(2,12),e.src+=\"#?secret=\"+t,e.setAttribute(\"data-secret\",t)),e.contentWindow.postMessage({message:\"ready\",secret:t},\"*\")},!1)))}(window,document);\n\/\/# sourceURL=https:\/\/expressometro.mx\/wp-includes\/js\/wp-embed.min.js\n\/* ]]> *\/\n<\/script>\n","description":"Carlos Salinas de Gortari obtuvo la nacionalidad espa\u00f1ola a trav\u00e9s del proceso de Sefarad\u00edes. Luego de tramitarla a trav\u00e9s del proceso de sefard\u00edes, mecanismo mediante el que el pa\u00eds europeo da la posibilidad de obtener el pasaporte a descendientes de jud\u00edos expulsados de Espa\u00f1a en 1492, el ex presidente de M\u00e9xico Carlos Salinas de Gortari, obtuvo la nacionalidad espa\u00f1ola.. De acuerdo el diario espa\u00f1ol \u201cEl Pa\u00eds\u201d, Salinas de Gortari habr\u00eda obtenido la nacionalidad a trav\u00e9s de este proceso a inicios del a\u00f1o pasado. La obtenci\u00f3n de dicha nacionalidad por origen&hellip;","thumbnail_url":"https:\/\/expressometro.mx\/wp-content\/uploads\/2022\/10\/WhatsApp-Image-2022-10-30-at-9.25.15-PM.jpeg"}