{"version":"1.0","provider_name":"Expresso Metropolitano","provider_url":"https:\/\/expressometro.mx","author_name":"Expresso Metropolitano","author_url":"https:\/\/expressometro.mx\/index.php\/author\/diego\/","title":"INICIO DE OBRA EN VILLA DEL CARB\u00d3N - Expresso Metropolitano","type":"rich","width":600,"height":338,"html":"<blockquote class=\"wp-embedded-content\" data-secret=\"IIqgPTh3A5\"><a href=\"https:\/\/expressometro.mx\/index.php\/2020\/09\/19\/inicio-de-obra-en-villa-del-carbon\/\">INICIO DE OBRA EN VILLA DEL CARB\u00d3N<\/a><\/blockquote><iframe sandbox=\"allow-scripts\" security=\"restricted\" src=\"https:\/\/expressometro.mx\/index.php\/2020\/09\/19\/inicio-de-obra-en-villa-del-carbon\/embed\/#?secret=IIqgPTh3A5\" width=\"600\" height=\"338\" title=\"&#8220;INICIO DE OBRA EN VILLA DEL CARB\u00d3N&#8221; &#8212; Expresso Metropolitano\" data-secret=\"IIqgPTh3A5\" frameborder=\"0\" marginwidth=\"0\" marginheight=\"0\" scrolling=\"no\" class=\"wp-embedded-content\"><\/iframe><script type=\"text\/javascript\">\n\/* <![CDATA[ *\/\n\/*! This file is auto-generated *\/\n!function(d,l){\"use strict\";l.querySelector&&d.addEventListener&&\"undefined\"!=typeof URL&&(d.wp=d.wp||{},d.wp.receiveEmbedMessage||(d.wp.receiveEmbedMessage=function(e){var t=e.data;if((t||t.secret||t.message||t.value)&&!\/[^a-zA-Z0-9]\/.test(t.secret)){for(var s,r,n,a=l.querySelectorAll('iframe[data-secret=\"'+t.secret+'\"]'),o=l.querySelectorAll('blockquote[data-secret=\"'+t.secret+'\"]'),c=new RegExp(\"^https?:$\",\"i\"),i=0;i<o.length;i++)o[i].style.display=\"none\";for(i=0;i<a.length;i++)s=a[i],e.source===s.contentWindow&&(s.removeAttribute(\"style\"),\"height\"===t.message?(1e3<(r=parseInt(t.value,10))?r=1e3:~~r<200&&(r=200),s.height=r):\"link\"===t.message&&(r=new URL(s.getAttribute(\"src\")),n=new URL(t.value),c.test(n.protocol))&&n.host===r.host&&l.activeElement===s&&(d.top.location.href=t.value))}},d.addEventListener(\"message\",d.wp.receiveEmbedMessage,!1),l.addEventListener(\"DOMContentLoaded\",function(){for(var e,t,s=l.querySelectorAll(\"iframe.wp-embedded-content\"),r=0;r<s.length;r++)(t=(e=s[r]).getAttribute(\"data-secret\"))||(t=Math.random().toString(36).substring(2,12),e.src+=\"#?secret=\"+t,e.setAttribute(\"data-secret\",t)),e.contentWindow.postMessage({message:\"ready\",secret:t},\"*\")},!1)))}(window,document);\n\/\/# sourceURL=https:\/\/expressometro.mx\/wp-includes\/js\/wp-embed.min.js\n\/* ]]> *\/\n<\/script>\n","thumbnail_url":"https:\/\/expressometro.mx\/wp-content\/uploads\/2020\/09\/119722209_3306771182744392_8364160157353416360_n.jpg","thumbnail_width":960,"thumbnail_height":640,"description":"El d\u00eda de hoy se llev\u00f3 a cabo la colocaci\u00f3n de la primera piedra de lo que ser\u00e1 La Unidad de Servicios Educativos en su primera etapa, en la cual estar\u00e1n ubicadas las oficinas de algunas Supervisiones Escolares de diferentes niveles educativos, adem\u00e1s del Centro de Maestros, cabe mencionar que despu\u00e9s de muchos a\u00f1os de no contar con un espacio que cubriera estas necesidades hoy gracias al trabajo del Gobierno Municipal se ha logrado conseguir tanto el terreno y empezar esta construcci\u00f3n en la comunidad de Las Hect\u00e1reas, con una&hellip;"}