{"version":"1.0","provider_name":"Expresso Metropolitano","provider_url":"https:\/\/expressometro.mx","author_name":"Expresso Metropolitano","author_url":"https:\/\/expressometro.mx\/index.php\/author\/diego\/","title":"Obras de impulso tur\u00edstico en Villa del Carb\u00f3n - Expresso Metropolitano","type":"rich","width":600,"height":338,"html":"<blockquote class=\"wp-embedded-content\" data-secret=\"SvyVtNYWNn\"><a href=\"https:\/\/expressometro.mx\/index.php\/2020\/07\/16\/obras-de-impulso-turistico-en-villa-del-carbon\/\">Obras de impulso tur\u00edstico en Villa del Carb\u00f3n<\/a><\/blockquote><iframe sandbox=\"allow-scripts\" security=\"restricted\" src=\"https:\/\/expressometro.mx\/index.php\/2020\/07\/16\/obras-de-impulso-turistico-en-villa-del-carbon\/embed\/#?secret=SvyVtNYWNn\" width=\"600\" height=\"338\" title=\"&#8220;Obras de impulso tur\u00edstico en Villa del Carb\u00f3n&#8221; &#8212; Expresso Metropolitano\" data-secret=\"SvyVtNYWNn\" frameborder=\"0\" marginwidth=\"0\" marginheight=\"0\" scrolling=\"no\" class=\"wp-embedded-content\"><\/iframe><script type=\"text\/javascript\">\n\/* <![CDATA[ *\/\n\/*! This file is auto-generated *\/\n!function(d,l){\"use strict\";l.querySelector&&d.addEventListener&&\"undefined\"!=typeof URL&&(d.wp=d.wp||{},d.wp.receiveEmbedMessage||(d.wp.receiveEmbedMessage=function(e){var t=e.data;if((t||t.secret||t.message||t.value)&&!\/[^a-zA-Z0-9]\/.test(t.secret)){for(var s,r,n,a=l.querySelectorAll('iframe[data-secret=\"'+t.secret+'\"]'),o=l.querySelectorAll('blockquote[data-secret=\"'+t.secret+'\"]'),c=new RegExp(\"^https?:$\",\"i\"),i=0;i<o.length;i++)o[i].style.display=\"none\";for(i=0;i<a.length;i++)s=a[i],e.source===s.contentWindow&&(s.removeAttribute(\"style\"),\"height\"===t.message?(1e3<(r=parseInt(t.value,10))?r=1e3:~~r<200&&(r=200),s.height=r):\"link\"===t.message&&(r=new URL(s.getAttribute(\"src\")),n=new URL(t.value),c.test(n.protocol))&&n.host===r.host&&l.activeElement===s&&(d.top.location.href=t.value))}},d.addEventListener(\"message\",d.wp.receiveEmbedMessage,!1),l.addEventListener(\"DOMContentLoaded\",function(){for(var e,t,s=l.querySelectorAll(\"iframe.wp-embedded-content\"),r=0;r<s.length;r++)(t=(e=s[r]).getAttribute(\"data-secret\"))||(t=Math.random().toString(36).substring(2,12),e.src+=\"#?secret=\"+t,e.setAttribute(\"data-secret\",t)),e.contentWindow.postMessage({message:\"ready\",secret:t},\"*\")},!1)))}(window,document);\n\/\/# sourceURL=https:\/\/expressometro.mx\/wp-includes\/js\/wp-embed.min.js\n\/* ]]> *\/\n<\/script>\n","thumbnail_url":"https:\/\/expressometro.mx\/wp-content\/uploads\/2020\/07\/2CCD97D0-B59B-4C40-92D1-6FF839E3ECE0.jpeg","thumbnail_width":513,"thumbnail_height":598,"description":"Con el fin de atender las necesidades de la poblaci\u00f3n y detonar los atractivos tur\u00edsticos, el presidente municipal de Villa del Carb\u00f3n, Gustavo Mancilla Rend\u00f3n, anunci\u00f3 que se tiene proyectado la segunda etapa de remodelaci\u00f3n en la comunidad de San Luis Taxhimay. Esto con el fin de promocionar y consolidar el turismo en el municipio una vez que termine la emergencia sanitaria. \u201cUna vez terminada esta obra y una vez restaurada esta obra, vamos a hacer una segunda etapa acerca de la iluminaci\u00f3n de este \u00edcono que va a dar&hellip;"}