{"version":"1.0","provider_name":"Expresso Metropolitano","provider_url":"https:\/\/expressometro.mx","author_name":"Expresso Metropolitano","author_url":"https:\/\/expressometro.mx\/index.php\/author\/diego\/","title":"REALIZA ISSEMYM JORNADA DE CAPACITACI\u00d3N PEDI\u00c1TRICA - Expresso Metropolitano","type":"rich","width":600,"height":338,"html":"<blockquote class=\"wp-embedded-content\" data-secret=\"d2MSa85q5a\"><a href=\"https:\/\/expressometro.mx\/index.php\/2020\/02\/25\/realiza-issemym-jornada-de-capacitacion-pediatrica\/\">REALIZA ISSEMYM JORNADA DE CAPACITACI\u00d3N PEDI\u00c1TRICA<\/a><\/blockquote><iframe sandbox=\"allow-scripts\" security=\"restricted\" src=\"https:\/\/expressometro.mx\/index.php\/2020\/02\/25\/realiza-issemym-jornada-de-capacitacion-pediatrica\/embed\/#?secret=d2MSa85q5a\" width=\"600\" height=\"338\" title=\"&#8220;REALIZA ISSEMYM JORNADA DE CAPACITACI\u00d3N PEDI\u00c1TRICA&#8221; &#8212; Expresso Metropolitano\" data-secret=\"d2MSa85q5a\" frameborder=\"0\" marginwidth=\"0\" marginheight=\"0\" scrolling=\"no\" class=\"wp-embedded-content\"><\/iframe><script type=\"text\/javascript\">\n\/* <![CDATA[ *\/\n\/*! This file is auto-generated *\/\n!function(d,l){\"use strict\";l.querySelector&&d.addEventListener&&\"undefined\"!=typeof URL&&(d.wp=d.wp||{},d.wp.receiveEmbedMessage||(d.wp.receiveEmbedMessage=function(e){var t=e.data;if((t||t.secret||t.message||t.value)&&!\/[^a-zA-Z0-9]\/.test(t.secret)){for(var s,r,n,a=l.querySelectorAll('iframe[data-secret=\"'+t.secret+'\"]'),o=l.querySelectorAll('blockquote[data-secret=\"'+t.secret+'\"]'),c=new RegExp(\"^https?:$\",\"i\"),i=0;i<o.length;i++)o[i].style.display=\"none\";for(i=0;i<a.length;i++)s=a[i],e.source===s.contentWindow&&(s.removeAttribute(\"style\"),\"height\"===t.message?(1e3<(r=parseInt(t.value,10))?r=1e3:~~r<200&&(r=200),s.height=r):\"link\"===t.message&&(r=new URL(s.getAttribute(\"src\")),n=new URL(t.value),c.test(n.protocol))&&n.host===r.host&&l.activeElement===s&&(d.top.location.href=t.value))}},d.addEventListener(\"message\",d.wp.receiveEmbedMessage,!1),l.addEventListener(\"DOMContentLoaded\",function(){for(var e,t,s=l.querySelectorAll(\"iframe.wp-embedded-content\"),r=0;r<s.length;r++)(t=(e=s[r]).getAttribute(\"data-secret\"))||(t=Math.random().toString(36).substring(2,12),e.src+=\"#?secret=\"+t,e.setAttribute(\"data-secret\",t)),e.contentWindow.postMessage({message:\"ready\",secret:t},\"*\")},!1)))}(window,document);\n\/\/# sourceURL=https:\/\/expressometro.mx\/wp-includes\/js\/wp-embed.min.js\n\/* ]]> *\/\n<\/script>\n","thumbnail_url":"https:\/\/expressometro.mx\/wp-content\/uploads\/2020\/02\/w2_12528_1.jpg","thumbnail_width":1080,"thumbnail_height":784,"description":"Con el prop\u00f3sito de promover el \u00f3ptimo crecimiento y desarrollo f\u00edsico de los 45 mil infantes menores de cinco a\u00f1os que la instituci\u00f3n tiene afiliados, el Instituto de Seguridad Social del Estado de M\u00e9xico y Municipios (ISSEMyM) realiz\u00f3 el primer Curso de Enfermer\u00eda para Pacientes Pedi\u00e1tricos. Durante esta jornada, la responsable del \u00e1rea de Enfermer\u00eda del Hospital Regional Toluca, Ana Cristina Pedraza Bernal, resalt\u00f3 la importancia de fortalecer temas te\u00f3rico-pr\u00e1cticos para reducir la mortalidad, morbilidad y discapacidad en este grupo de edad. Indic\u00f3 que entre las acciones se encuentra la&hellip;"}