{"version":"1.0","provider_name":"Expresso Metropolitano","provider_url":"https:\/\/expressometro.mx","author_name":"Expresso Metropolitano","author_url":"https:\/\/expressometro.mx\/index.php\/author\/diego\/","title":"Realiza Tultitl\u00e1n \u201cJornada de trabajo en tu comunidad\u201d - Expresso Metropolitano","type":"rich","width":600,"height":338,"html":"<blockquote class=\"wp-embedded-content\" data-secret=\"giHGveuwnQ\"><a href=\"https:\/\/expressometro.mx\/index.php\/2019\/09\/13\/realiza-tultitlan-jornada-de-trabajo-en-tu-comunidad\/\">Realiza Tultitl\u00e1n \u201cJornada de trabajo en tu comunidad\u201d<\/a><\/blockquote><iframe sandbox=\"allow-scripts\" security=\"restricted\" src=\"https:\/\/expressometro.mx\/index.php\/2019\/09\/13\/realiza-tultitlan-jornada-de-trabajo-en-tu-comunidad\/embed\/#?secret=giHGveuwnQ\" width=\"600\" height=\"338\" title=\"&#8220;Realiza Tultitl\u00e1n \u201cJornada de trabajo en tu comunidad\u201d&#8221; &#8212; Expresso Metropolitano\" data-secret=\"giHGveuwnQ\" frameborder=\"0\" marginwidth=\"0\" marginheight=\"0\" scrolling=\"no\" class=\"wp-embedded-content\"><\/iframe><script type=\"text\/javascript\">\n\/* <![CDATA[ *\/\n\/*! This file is auto-generated *\/\n!function(d,l){\"use strict\";l.querySelector&&d.addEventListener&&\"undefined\"!=typeof URL&&(d.wp=d.wp||{},d.wp.receiveEmbedMessage||(d.wp.receiveEmbedMessage=function(e){var t=e.data;if((t||t.secret||t.message||t.value)&&!\/[^a-zA-Z0-9]\/.test(t.secret)){for(var s,r,n,a=l.querySelectorAll('iframe[data-secret=\"'+t.secret+'\"]'),o=l.querySelectorAll('blockquote[data-secret=\"'+t.secret+'\"]'),c=new RegExp(\"^https?:$\",\"i\"),i=0;i<o.length;i++)o[i].style.display=\"none\";for(i=0;i<a.length;i++)s=a[i],e.source===s.contentWindow&&(s.removeAttribute(\"style\"),\"height\"===t.message?(1e3<(r=parseInt(t.value,10))?r=1e3:~~r<200&&(r=200),s.height=r):\"link\"===t.message&&(r=new URL(s.getAttribute(\"src\")),n=new URL(t.value),c.test(n.protocol))&&n.host===r.host&&l.activeElement===s&&(d.top.location.href=t.value))}},d.addEventListener(\"message\",d.wp.receiveEmbedMessage,!1),l.addEventListener(\"DOMContentLoaded\",function(){for(var e,t,s=l.querySelectorAll(\"iframe.wp-embedded-content\"),r=0;r<s.length;r++)(t=(e=s[r]).getAttribute(\"data-secret\"))||(t=Math.random().toString(36).substring(2,12),e.src+=\"#?secret=\"+t,e.setAttribute(\"data-secret\",t)),e.contentWindow.postMessage({message:\"ready\",secret:t},\"*\")},!1)))}(window,document);\n\/\/# sourceURL=https:\/\/expressometro.mx\/wp-includes\/js\/wp-embed.min.js\n\/* ]]> *\/\n<\/script>\n","thumbnail_url":"https:\/\/expressometro.mx\/wp-content\/uploads\/2019\/09\/21094581-AC56-4ABD-BF7E-ABDC93BA2209.png","thumbnail_width":1280,"thumbnail_height":853,"description":"Con el prop\u00f3sito de acercar tr\u00e1mites y servicios a las comunidades vulnerables y con ello facilitar a los habitantes el acceso a sus derechos y a las gestiones administrativas, el gobierno que preside la licenciada Elena Garc\u00eda Mart\u00ednez, contin\u00faa con acciones en favor de los tultitlenses con \u201cJornadas de trabajo en tu comunidad\u201d. Dicha jornada tuvo lugar en Prados Norte en el la Zona Oriente del municipio, donde cientos de colonos se acercaron a realizar\u00a0 diversos tr\u00e1mites y servicios de las distintas \u00e1reas que ofreci\u00f3 el gobierno municipal. La alcaldesa&hellip;"}