{"version":"1.0","provider_name":"Expresso Metropolitano","provider_url":"https:\/\/expressometro.mx","author_name":"Expresso Metropolitano","author_url":"https:\/\/expressometro.mx\/index.php\/author\/diego\/","title":"GOBIERNO DE COACALCO CUMPLE EL SUE\u00d1O DE QUINCEA\u00d1ERAS - Expresso Metropolitano","type":"rich","width":600,"height":338,"html":"<blockquote class=\"wp-embedded-content\" data-secret=\"9XnFu0fTOJ\"><a href=\"https:\/\/expressometro.mx\/index.php\/2019\/09\/02\/gobierno-de-coacalco-cumple-el-sueno-de-quinceaneras\/\">GOBIERNO DE COACALCO CUMPLE EL SUE\u00d1O DE QUINCEA\u00d1ERAS<\/a><\/blockquote><iframe sandbox=\"allow-scripts\" security=\"restricted\" src=\"https:\/\/expressometro.mx\/index.php\/2019\/09\/02\/gobierno-de-coacalco-cumple-el-sueno-de-quinceaneras\/embed\/#?secret=9XnFu0fTOJ\" width=\"600\" height=\"338\" title=\"&#8220;GOBIERNO DE COACALCO CUMPLE EL SUE\u00d1O DE QUINCEA\u00d1ERAS&#8221; &#8212; Expresso Metropolitano\" data-secret=\"9XnFu0fTOJ\" frameborder=\"0\" marginwidth=\"0\" marginheight=\"0\" scrolling=\"no\" class=\"wp-embedded-content\"><\/iframe><script type=\"text\/javascript\">\n\/* <![CDATA[ *\/\n\/*! This file is auto-generated *\/\n!function(d,l){\"use strict\";l.querySelector&&d.addEventListener&&\"undefined\"!=typeof URL&&(d.wp=d.wp||{},d.wp.receiveEmbedMessage||(d.wp.receiveEmbedMessage=function(e){var t=e.data;if((t||t.secret||t.message||t.value)&&!\/[^a-zA-Z0-9]\/.test(t.secret)){for(var s,r,n,a=l.querySelectorAll('iframe[data-secret=\"'+t.secret+'\"]'),o=l.querySelectorAll('blockquote[data-secret=\"'+t.secret+'\"]'),c=new RegExp(\"^https?:$\",\"i\"),i=0;i<o.length;i++)o[i].style.display=\"none\";for(i=0;i<a.length;i++)s=a[i],e.source===s.contentWindow&&(s.removeAttribute(\"style\"),\"height\"===t.message?(1e3<(r=parseInt(t.value,10))?r=1e3:~~r<200&&(r=200),s.height=r):\"link\"===t.message&&(r=new URL(s.getAttribute(\"src\")),n=new URL(t.value),c.test(n.protocol))&&n.host===r.host&&l.activeElement===s&&(d.top.location.href=t.value))}},d.addEventListener(\"message\",d.wp.receiveEmbedMessage,!1),l.addEventListener(\"DOMContentLoaded\",function(){for(var e,t,s=l.querySelectorAll(\"iframe.wp-embedded-content\"),r=0;r<s.length;r++)(t=(e=s[r]).getAttribute(\"data-secret\"))||(t=Math.random().toString(36).substring(2,12),e.src+=\"#?secret=\"+t,e.setAttribute(\"data-secret\",t)),e.contentWindow.postMessage({message:\"ready\",secret:t},\"*\")},!1)))}(window,document);\n\/\/# sourceURL=https:\/\/expressometro.mx\/wp-includes\/js\/wp-embed.min.js\n\/* ]]> *\/\n<\/script>\n","thumbnail_url":"https:\/\/expressometro.mx\/wp-content\/uploads\/2019\/09\/XVa\u00f1os-4.jpeg","thumbnail_width":1280,"thumbnail_height":853,"description":"En una acci\u00f3n conjunto entre ciudadan\u00eda y autoridades, el Gobierno de Coacalco que encabeza el Alcalde Darwin Eslava, logr\u00f3 cumplir con el sue\u00f1o de m\u00e1s de 40 j\u00f3venes que deseaban su fiesta de XV a\u00f1os. Coordinada por el Sistema Municipal DIF y la Direcci\u00f3n de Bienestar Social, la fiesta se logr\u00f3 realizar con la cooperaci\u00f3n de la ciudadan\u00eda coacalquense que donaron los vestidos y trajes para los y las participantes, as\u00ed como de la ayuda de las diferentes \u00e1reas del Ayuntamiento. Junto a los festejados y sus familias, el Presidente&hellip;"}